{"id":20,"date":"2021-05-25T17:19:33","date_gmt":"2021-05-25T15:19:33","guid":{"rendered":"http:\/\/leclosdesmazieres.fr\/?post_type=product&#038;p=20"},"modified":"2025-09-11T15:07:09","modified_gmt":"2025-09-11T13:07:09","slug":"gevrey-chambertin","status":"publish","type":"product","link":"https:\/\/leclosdesmazieres.fr\/?product=gevrey-chambertin","title":{"rendered":"Gevrey-Chambertin"},"content":{"rendered":"<h3>Situation<\/h3>\n<p>Gevrey-Chambertin, en C\u00f4te de Nuits. Nich\u00e9e au pied de la Combe Lavaux, l\u2019appellation se trouve au centre de l\u2019anticlinal de la C\u00f4te de Nuits, laissant appara\u00eetre des affleurements de diff\u00e9rentes formations. Au nord, ce sont des sols marneux du jurassique moyen recouvert de fines terres arables rouges. A l\u2019est, ils reposent sur un sol peu profond que domine la roche m\u00e8re calcaire. La vigne trouve l\u00e0 une situation id\u00e9ale pour produire de grands vins.<\/p>\n<h3>Culture<\/h3>\n<p>Le Domaine poss\u00e8de deux parcelles \u00ab Chazi\u00e8re \u00bb et \u00ab les Jeunes Rois \u00bb. R\u00e9guli\u00e8rement labour\u00e9e, elles sont trait\u00e9es en lutte raisonn\u00e9e. La taille \u00ab en Guyot \u00bb et un \u00e9bourgeonnage printanier permet ainsi une bonne maitrise des rendements.<br \/>\nLa vendange est manuelle afin de r\u00e9aliser un tri s\u00e9v\u00e8re \u00e0 la vigne avant transfert \u00e0 la cuverie.<\/p>\n<h3>Vinification<\/h3>\n<p>En premier lieu, la pr\u00e9 fermentation \u00e0 froid d&rsquo;environ 2\/4 jours, suivie d&rsquo;une fermentation alcoolique ma\u00eetris\u00e9e pendant 10\/12 jours permet une extraction d\u00e9licate des ar\u00f4mes du Chardonnay.\u00a0 Ensuite, la fermentation malolactiques se fait, pour une partie de la r\u00e9colte, directement en f\u00fbts neufs.<\/p>\n<h3>Elevage des vins<\/h3>\n<p>L\u2019\u00e9levage la cuv\u00e9e vieilles vignes de Gevrey-Chambertin se fait en f\u00fbt de ch\u00eane (dont une partie en f\u00fbts neufs, environ 30 %) pendant 20 mois. Les f\u00fbts sont stock\u00e9s \u00e0 l\u2019abri du jour, dans les caves du Domaine.<br \/>\nEnfin, la mise en bouteilles se fait au Domaine.<\/p>\n<h3>La d\u00e9gustation<\/h3>\n<p>Le Gevrey-Chambertin \u00ab cuv\u00e9e vieilles vignes \u00bb d\u00e9veloppe, au nez, les premi\u00e8res ann\u00e9es des ar\u00f4mes de fruits rouges et noirs tr\u00e8s marqu\u00e9s. L\u2019ar\u00f4me de poivre \u2013 caract\u00e9ristique marquante de l\u2019appellation Gevrey-Chambertin \u2013 apporte du caract\u00e8re et du style aux grands mill\u00e9simes.<br \/>\nTemp\u00e9rature de service : 15 \u00e0 18 \u00b0C.<\/p>\n<p>L\u2019appellation Gevrey-Chambertin, tout en d\u00e9licatesse, accompagne aussi bien une viande rouge, qu\u2019une volaille de Bresse. Un fromage, fabriqu\u00e9 \u00e0 Brochon, l\u2019ami du Chambertin porte le nom du plus c\u00e9l\u00e8bre Grand Cru de l\u2019appellation.<\/p>\n","protected":false},"excerpt":{"rendered":"<p>Le Gevrey-Chambertin \u00ab cuv\u00e9e vieilles vignes \u00bb d\u00e9veloppe, au nez, les premi\u00e8res ann\u00e9es des ar\u00f4mes de fruits rouges et noirs tr\u00e8s marqu\u00e9s. L\u2019ar\u00f4me de poivre , caract\u00e9ristique marquante de l\u2019appellation Gevrey-Chambertin\u00a0 apporte du caract\u00e8re et du style aux grands mill\u00e9simes.<\/p>\n","protected":false},"featured_media":1200,"comment_status":"open","ping_status":"closed","template":"","meta":{"_monsterinsights_skip_tracking":false,"_monsterinsights_sitenote_active":false,"_monsterinsights_sitenote_note":"","_monsterinsights_sitenote_category":0},"product_cat":[18],"product_tag":[],"class_list":{"0":"post-20","1":"product","2":"type-product","3":"status-publish","4":"has-post-thumbnail","6":"product_cat-vin-rouge","7":"product_shipping_class-carton6","9":"first","10":"instock","11":"shipping-taxable","12":"purchasable","13":"product-type-simple"},"yoast_head":"<!-- This site is optimized with the Yoast SEO plugin v22.6 - https:\/\/yoast.com\/wordpress\/plugins\/seo\/ -->\n<title>Gevrey-Chambertin - Vin Rouge - Domaine Le Clos des Mazi\u00e8res<\/title>\n<meta name=\"description\" content=\"Le Gevrey-Chambertin \u00ab cuv\u00e9e vieilles vignes \u00bb d\u00e9veloppe, au nez, les premi\u00e8res ann\u00e9es des ar\u00f4mes de fruits rouges et noirs tr\u00e8s marqu\u00e9s ...\" \/>\n<meta name=\"robots\" content=\"index, follow, max-snippet:-1, max-image-preview:large, max-video-preview:-1\" \/>\n<link rel=\"canonical\" href=\"https:\/\/leclosdesmazieres.fr\/?product=gevrey-chambertin\" \/>\n<meta property=\"og:locale\" content=\"fr_FR\" \/>\n<meta property=\"og:type\" content=\"article\" \/>\n<meta property=\"og:title\" content=\"Gevrey-Chambertin - Vin Rouge - Domaine Le Clos des Mazi\u00e8res\" \/>\n<meta property=\"og:description\" content=\"Le Gevrey-Chambertin \u00ab cuv\u00e9e vieilles vignes \u00bb d\u00e9veloppe, au nez, les premi\u00e8res ann\u00e9es des ar\u00f4mes de fruits rouges et noirs tr\u00e8s marqu\u00e9s ...\" \/>\n<meta property=\"og:url\" content=\"https:\/\/leclosdesmazieres.fr\/?product=gevrey-chambertin\" \/>\n<meta property=\"og:site_name\" content=\"Domaine Le Clos des Mazi\u00e8res\" \/>\n<meta property=\"article:modified_time\" content=\"2025-09-11T13:07:09+00:00\" \/>\n<meta property=\"og:image\" content=\"https:\/\/leclosdesmazieres.fr\/wp-content\/uploads\/2021\/05\/2021-Gevrey-Chambertin-scaled-e1694537564602.jpg\" \/>\n\t<meta property=\"og:image:width\" content=\"1198\" \/>\n\t<meta property=\"og:image:height\" content=\"2299\" \/>\n\t<meta property=\"og:image:type\" content=\"image\/jpeg\" \/>\n<meta name=\"twitter:card\" content=\"summary_large_image\" \/>\n<meta name=\"twitter:label1\" content=\"Dur\u00e9e de lecture estim\u00e9e\" \/>\n\t<meta name=\"twitter:data1\" content=\"2 minutes\" \/>\n<script type=\"application\/ld+json\" class=\"yoast-schema-graph\">{\"@context\":\"https:\/\/schema.org\",\"@graph\":[{\"@type\":\"WebPage\",\"@id\":\"https:\/\/leclosdesmazieres.fr\/?product=gevrey-chambertin\",\"url\":\"https:\/\/leclosdesmazieres.fr\/?product=gevrey-chambertin\",\"name\":\"Gevrey-Chambertin - Vin Rouge - Domaine Le Clos des Mazi\u00e8res\",\"isPartOf\":{\"@id\":\"https:\/\/leclosdesmazieres.fr\/#website\"},\"primaryImageOfPage\":{\"@id\":\"https:\/\/leclosdesmazieres.fr\/?product=gevrey-chambertin#primaryimage\"},\"image\":{\"@id\":\"https:\/\/leclosdesmazieres.fr\/?product=gevrey-chambertin#primaryimage\"},\"thumbnailUrl\":\"https:\/\/leclosdesmazieres.fr\/wp-content\/uploads\/2021\/05\/2021-Gevrey-Chambertin-scaled-e1694537564602.jpg\",\"datePublished\":\"2021-05-25T15:19:33+00:00\",\"dateModified\":\"2025-09-11T13:07:09+00:00\",\"description\":\"Le Gevrey-Chambertin \u00ab cuv\u00e9e vieilles vignes \u00bb d\u00e9veloppe, au nez, les premi\u00e8res ann\u00e9es des ar\u00f4mes de fruits rouges et noirs tr\u00e8s marqu\u00e9s ...\",\"breadcrumb\":{\"@id\":\"https:\/\/leclosdesmazieres.fr\/?product=gevrey-chambertin#breadcrumb\"},\"inLanguage\":\"fr-FR\",\"potentialAction\":[{\"@type\":\"ReadAction\",\"target\":[\"https:\/\/leclosdesmazieres.fr\/?product=gevrey-chambertin\"]}]},{\"@type\":\"ImageObject\",\"inLanguage\":\"fr-FR\",\"@id\":\"https:\/\/leclosdesmazieres.fr\/?product=gevrey-chambertin#primaryimage\",\"url\":\"https:\/\/leclosdesmazieres.fr\/wp-content\/uploads\/2021\/05\/2021-Gevrey-Chambertin-scaled-e1694537564602.jpg\",\"contentUrl\":\"https:\/\/leclosdesmazieres.fr\/wp-content\/uploads\/2021\/05\/2021-Gevrey-Chambertin-scaled-e1694537564602.jpg\",\"width\":1198,\"height\":2299},{\"@type\":\"BreadcrumbList\",\"@id\":\"https:\/\/leclosdesmazieres.fr\/?product=gevrey-chambertin#breadcrumb\",\"itemListElement\":[{\"@type\":\"ListItem\",\"position\":1,\"name\":\"Accueil\",\"item\":\"https:\/\/leclosdesmazieres.fr\/\"},{\"@type\":\"ListItem\",\"position\":2,\"name\":\"Boutique\",\"item\":\"https:\/\/leclosdesmazieres.fr\/?page_id=6\"},{\"@type\":\"ListItem\",\"position\":3,\"name\":\"Gevrey-Chambertin\"}]},{\"@type\":\"WebSite\",\"@id\":\"https:\/\/leclosdesmazieres.fr\/#website\",\"url\":\"https:\/\/leclosdesmazieres.fr\/\",\"name\":\"Domaine Le Clos des Mazi\u00e8res\",\"description\":\"Domaine viticole\",\"publisher\":{\"@id\":\"https:\/\/leclosdesmazieres.fr\/#organization\"},\"potentialAction\":[{\"@type\":\"SearchAction\",\"target\":{\"@type\":\"EntryPoint\",\"urlTemplate\":\"https:\/\/leclosdesmazieres.fr\/?s={search_term_string}\"},\"query-input\":\"required name=search_term_string\"}],\"inLanguage\":\"fr-FR\"},{\"@type\":\"Organization\",\"@id\":\"https:\/\/leclosdesmazieres.fr\/#organization\",\"name\":\"Domaine Le Clos des Mazi\u00e8res\",\"url\":\"https:\/\/leclosdesmazieres.fr\/\",\"logo\":{\"@type\":\"ImageObject\",\"inLanguage\":\"fr-FR\",\"@id\":\"https:\/\/leclosdesmazieres.fr\/#\/schema\/logo\/image\/\",\"url\":\"https:\/\/leclosdesmazieres.fr\/wp-content\/uploads\/2025\/11\/cropped-Capture_d_ecran_2025-09-22_a_14.13.02-removebg-preview.png\",\"contentUrl\":\"https:\/\/leclosdesmazieres.fr\/wp-content\/uploads\/2025\/11\/cropped-Capture_d_ecran_2025-09-22_a_14.13.02-removebg-preview.png\",\"width\":349,\"height\":394,\"caption\":\"Domaine Le Clos des Mazi\u00e8res\"},\"image\":{\"@id\":\"https:\/\/leclosdesmazieres.fr\/#\/schema\/logo\/image\/\"}}]}<\/script>\n<!-- \/ Yoast SEO plugin. -->","yoast_head_json":{"title":"Gevrey-Chambertin - Vin Rouge - Domaine Le Clos des Mazi\u00e8res","description":"Le Gevrey-Chambertin \u00ab cuv\u00e9e vieilles vignes \u00bb d\u00e9veloppe, au nez, les premi\u00e8res ann\u00e9es des ar\u00f4mes de fruits rouges et noirs tr\u00e8s marqu\u00e9s ...","robots":{"index":"index","follow":"follow","max-snippet":"max-snippet:-1","max-image-preview":"max-image-preview:large","max-video-preview":"max-video-preview:-1"},"canonical":"https:\/\/leclosdesmazieres.fr\/?product=gevrey-chambertin","og_locale":"fr_FR","og_type":"article","og_title":"Gevrey-Chambertin - Vin Rouge - Domaine Le Clos des Mazi\u00e8res","og_description":"Le Gevrey-Chambertin \u00ab cuv\u00e9e vieilles vignes \u00bb d\u00e9veloppe, au nez, les premi\u00e8res ann\u00e9es des ar\u00f4mes de fruits rouges et noirs tr\u00e8s marqu\u00e9s ...","og_url":"https:\/\/leclosdesmazieres.fr\/?product=gevrey-chambertin","og_site_name":"Domaine Le Clos des Mazi\u00e8res","article_modified_time":"2025-09-11T13:07:09+00:00","og_image":[{"width":1198,"height":2299,"url":"https:\/\/leclosdesmazieres.fr\/wp-content\/uploads\/2021\/05\/2021-Gevrey-Chambertin-scaled-e1694537564602.jpg","type":"image\/jpeg"}],"twitter_card":"summary_large_image","twitter_misc":{"Dur\u00e9e de lecture estim\u00e9e":"2 minutes"},"schema":{"@context":"https:\/\/schema.org","@graph":[{"@type":"WebPage","@id":"https:\/\/leclosdesmazieres.fr\/?product=gevrey-chambertin","url":"https:\/\/leclosdesmazieres.fr\/?product=gevrey-chambertin","name":"Gevrey-Chambertin - Vin Rouge - Domaine Le Clos des Mazi\u00e8res","isPartOf":{"@id":"https:\/\/leclosdesmazieres.fr\/#website"},"primaryImageOfPage":{"@id":"https:\/\/leclosdesmazieres.fr\/?product=gevrey-chambertin#primaryimage"},"image":{"@id":"https:\/\/leclosdesmazieres.fr\/?product=gevrey-chambertin#primaryimage"},"thumbnailUrl":"https:\/\/leclosdesmazieres.fr\/wp-content\/uploads\/2021\/05\/2021-Gevrey-Chambertin-scaled-e1694537564602.jpg","datePublished":"2021-05-25T15:19:33+00:00","dateModified":"2025-09-11T13:07:09+00:00","description":"Le Gevrey-Chambertin \u00ab cuv\u00e9e vieilles vignes \u00bb d\u00e9veloppe, au nez, les premi\u00e8res ann\u00e9es des ar\u00f4mes de fruits rouges et noirs tr\u00e8s marqu\u00e9s ...","breadcrumb":{"@id":"https:\/\/leclosdesmazieres.fr\/?product=gevrey-chambertin#breadcrumb"},"inLanguage":"fr-FR","potentialAction":[{"@type":"ReadAction","target":["https:\/\/leclosdesmazieres.fr\/?product=gevrey-chambertin"]}]},{"@type":"ImageObject","inLanguage":"fr-FR","@id":"https:\/\/leclosdesmazieres.fr\/?product=gevrey-chambertin#primaryimage","url":"https:\/\/leclosdesmazieres.fr\/wp-content\/uploads\/2021\/05\/2021-Gevrey-Chambertin-scaled-e1694537564602.jpg","contentUrl":"https:\/\/leclosdesmazieres.fr\/wp-content\/uploads\/2021\/05\/2021-Gevrey-Chambertin-scaled-e1694537564602.jpg","width":1198,"height":2299},{"@type":"BreadcrumbList","@id":"https:\/\/leclosdesmazieres.fr\/?product=gevrey-chambertin#breadcrumb","itemListElement":[{"@type":"ListItem","position":1,"name":"Accueil","item":"https:\/\/leclosdesmazieres.fr\/"},{"@type":"ListItem","position":2,"name":"Boutique","item":"https:\/\/leclosdesmazieres.fr\/?page_id=6"},{"@type":"ListItem","position":3,"name":"Gevrey-Chambertin"}]},{"@type":"WebSite","@id":"https:\/\/leclosdesmazieres.fr\/#website","url":"https:\/\/leclosdesmazieres.fr\/","name":"Domaine Le Clos des Mazi\u00e8res","description":"Domaine viticole","publisher":{"@id":"https:\/\/leclosdesmazieres.fr\/#organization"},"potentialAction":[{"@type":"SearchAction","target":{"@type":"EntryPoint","urlTemplate":"https:\/\/leclosdesmazieres.fr\/?s={search_term_string}"},"query-input":"required name=search_term_string"}],"inLanguage":"fr-FR"},{"@type":"Organization","@id":"https:\/\/leclosdesmazieres.fr\/#organization","name":"Domaine Le Clos des Mazi\u00e8res","url":"https:\/\/leclosdesmazieres.fr\/","logo":{"@type":"ImageObject","inLanguage":"fr-FR","@id":"https:\/\/leclosdesmazieres.fr\/#\/schema\/logo\/image\/","url":"https:\/\/leclosdesmazieres.fr\/wp-content\/uploads\/2025\/11\/cropped-Capture_d_ecran_2025-09-22_a_14.13.02-removebg-preview.png","contentUrl":"https:\/\/leclosdesmazieres.fr\/wp-content\/uploads\/2025\/11\/cropped-Capture_d_ecran_2025-09-22_a_14.13.02-removebg-preview.png","width":349,"height":394,"caption":"Domaine Le Clos des Mazi\u00e8res"},"image":{"@id":"https:\/\/leclosdesmazieres.fr\/#\/schema\/logo\/image\/"}}]}},"_links":{"self":[{"href":"https:\/\/leclosdesmazieres.fr\/index.php?rest_route=\/wp\/v2\/product\/20","targetHints":{"allow":["GET"]}}],"collection":[{"href":"https:\/\/leclosdesmazieres.fr\/index.php?rest_route=\/wp\/v2\/product"}],"about":[{"href":"https:\/\/leclosdesmazieres.fr\/index.php?rest_route=\/wp\/v2\/types\/product"}],"replies":[{"embeddable":true,"href":"https:\/\/leclosdesmazieres.fr\/index.php?rest_route=%2Fwp%2Fv2%2Fcomments&post=20"}],"wp:featuredmedia":[{"embeddable":true,"href":"https:\/\/leclosdesmazieres.fr\/index.php?rest_route=\/wp\/v2\/media\/1200"}],"wp:attachment":[{"href":"https:\/\/leclosdesmazieres.fr\/index.php?rest_route=%2Fwp%2Fv2%2Fmedia&parent=20"}],"wp:term":[{"taxonomy":"product_cat","embeddable":true,"href":"https:\/\/leclosdesmazieres.fr\/index.php?rest_route=%2Fwp%2Fv2%2Fproduct_cat&post=20"},{"taxonomy":"product_tag","embeddable":true,"href":"https:\/\/leclosdesmazieres.fr\/index.php?rest_route=%2Fwp%2Fv2%2Fproduct_tag&post=20"}],"curies":[{"name":"wp","href":"https:\/\/api.w.org\/{rel}","templated":true}]}}